{"id":5,"date":"2020-01-13T11:17:52","date_gmt":"2020-01-13T11:17:52","guid":{"rendered":"https:\/\/demosites.io\/web-agency-gb\/?page_id=5"},"modified":"2022-06-16T10:24:58","modified_gmt":"2022-06-16T10:24:58","slug":"15c42-web-agency-gb-home","status":"publish","type":"page","link":"https:\/\/moinwandsbek2045.de\/","title":{"rendered":"Start"},"content":{"rendered":"\n<figure class=\"wp-block-image alignfull size-full mb-0 mt-0\"><img loading=\"lazy\" decoding=\"async\" width=\"5577\" height=\"2394\" src=\"https:\/\/moinwandsbek2045.de\/wp-content\/uploads\/2022\/02\/210222_Wandsbeck_Homepage-01-4.png\" alt=\"\" class=\"wp-image-952\" title=\"Eine Gruppe mit sechs illustrierten Personen von jung bis alt steht nebeneinander, im Hintergrund ist der Umriss des Bezirks Wandsbek. Der Titel ist &quot;Wandsbek 2045&quot; und ein Mann sagt in einer Sprechblase &quot;Moin Wandsbek&quot;\" srcset=\"https:\/\/moinwandsbek2045.de\/wp-content\/uploads\/2022\/02\/210222_Wandsbeck_Homepage-01-4.png 5577w, https:\/\/moinwandsbek2045.de\/wp-content\/uploads\/2022\/02\/210222_Wandsbeck_Homepage-01-4-300x129.png 300w, https:\/\/moinwandsbek2045.de\/wp-content\/uploads\/2022\/02\/210222_Wandsbeck_Homepage-01-4-1024x440.png 1024w, https:\/\/moinwandsbek2045.de\/wp-content\/uploads\/2022\/02\/210222_Wandsbeck_Homepage-01-4-768x330.png 768w, https:\/\/moinwandsbek2045.de\/wp-content\/uploads\/2022\/02\/210222_Wandsbeck_Homepage-01-4-1536x659.png 1536w, https:\/\/moinwandsbek2045.de\/wp-content\/uploads\/2022\/02\/210222_Wandsbeck_Homepage-01-4-2048x879.png 2048w\" sizes=\"auto, (max-width: 5577px) 100vw, 5577px\" \/><\/figure>\n\n\n\n<div class=\"wp-block-cover alignfull\" style=\"min-height:600px;aspect-ratio:unset;\"><span aria-hidden=\"true\" class=\"wp-block-cover__background has-nv-light-bg-background-color has-background-dim-100 has-background-dim\"><\/span><div class=\"wp-block-cover__inner-container is-layout-flow wp-block-cover-is-layout-flow\">\n<div class=\"wp-block-group\"><div class=\"wp-block-group__inner-container is-layout-flow wp-block-group-is-layout-flow\">\n<div style=\"height:80px\" aria-hidden=\"true\" class=\"wp-block-spacer\"><\/div>\n\n\n\n<div class=\"wp-block-columns are-vertically-aligned-center is-layout-flex wp-container-core-columns-is-layout-9d6595d7 wp-block-columns-is-layout-flex\">\n<div class=\"wp-block-column is-vertically-aligned-center is-layout-flow wp-block-column-is-layout-flow\" style=\"flex-basis:50%\">\n<figure class=\"wp-block-image size-large\"><img loading=\"lazy\" decoding=\"async\" width=\"1024\" height=\"1024\" src=\"https:\/\/moinwandsbek2045.de\/wp-content\/uploads\/2022\/02\/Junge_Zeichenflaeche-1-2-1024x1024.png\" alt=\"\" class=\"wp-image-936\" title=\"Ein illustrierter Junge fragt in einer Sprechblase &quot;Wie entwickelt sich Wandsbek?&quot; \" srcset=\"https:\/\/moinwandsbek2045.de\/wp-content\/uploads\/2022\/02\/Junge_Zeichenflaeche-1-2-1024x1024.png 1024w, https:\/\/moinwandsbek2045.de\/wp-content\/uploads\/2022\/02\/Junge_Zeichenflaeche-1-2-300x300.png 300w, https:\/\/moinwandsbek2045.de\/wp-content\/uploads\/2022\/02\/Junge_Zeichenflaeche-1-2-150x150.png 150w, https:\/\/moinwandsbek2045.de\/wp-content\/uploads\/2022\/02\/Junge_Zeichenflaeche-1-2-768x769.png 768w, https:\/\/moinwandsbek2045.de\/wp-content\/uploads\/2022\/02\/Junge_Zeichenflaeche-1-2.png 1168w\" sizes=\"auto, (max-width: 1024px) 100vw, 1024px\" \/><\/figure>\n<\/div>\n\n\n\n<div class=\"wp-block-column is-vertically-aligned-center is-layout-flow wp-block-column-is-layout-flow\" style=\"flex-basis:50%\">\n<h4 class=\"has-neve-text-color-color has-text-color wp-block-heading\" id=\"information\">Information<\/h4>\n\n\n\n<h2 class=\"has-text-align-left has-neve-text-color-color has-text-color wp-block-heading\" id=\"zukunft-gemeinsam-gestalten\"><strong>Zukunft gemeinsam gestalten<\/strong><\/h2>\n\n\n\n<p class=\"has-neve-link-color-color has-text-color\">Wandsbek macht sich auf dem Weg, ein strategisches Leitbild f\u00fcr seine Bezirksentwicklung zu erarbeiten. Die Perspektive: 2045 und dar\u00fcber hinaus. Es gilt, die vielen \u00bbWandsbeks\u00ab \u2013 die verschiedenen Stadtteile und Quartiere \u2013 und ihre Zukunftschancen sichtbar zu machen. <\/p>\n\n\n\n<p class=\"has-neve-link-color-color has-text-color\">Und es geht um das gro\u00dfe Ganze: <strong>eine verbindende Vision, thematische und r\u00e4umliche Ziele, Handlungsfelder und Schwerpunkte f\u00fcr den Bezirk.<\/strong><\/p>\n\n\n\n<p class=\"has-neve-link-color-color has-text-color\">Der Prozess ist gestartet, sucht den Austausch und sch\u00f6pft aus den Erfahrungen, dem Wissen und den Ideen der Wandsbekerinnen und Wandsbeker: informieren, mitmachen und <strong>unser Wandsbek<\/strong> gemeinsam auf Kurs bringen!<\/p>\n\n\n\n<div class=\"wp-block-buttons is-horizontal is-content-justification-left is-layout-flex wp-container-core-buttons-is-layout-7e5fce0a wp-block-buttons-is-layout-flex\">\n<div class=\"wp-block-button is-style-circular\"><a class=\"wp-block-button__link has-nv-site-bg-color has-neve-text-color-background-color has-text-color has-background\" href=\"https:\/\/moinwandsbek2045.de\/?page_id=9\">mehr erfahren<\/a><\/div>\n<\/div>\n<\/div>\n<\/div>\n\n\n\n<div style=\"height:40px\" aria-hidden=\"true\" class=\"wp-block-spacer\"><\/div>\n<\/div><\/div>\n<\/div><\/div>\n\n\n\n<div style=\"height:100px\" aria-hidden=\"true\" class=\"wp-block-spacer\"><\/div>\n\n\n\n<div class=\"wp-block-columns is-layout-flex wp-container-core-columns-is-layout-9d6595d7 wp-block-columns-is-layout-flex\">\n<div class=\"wp-block-column is-layout-flow wp-block-column-is-layout-flow\">\n<h4 class=\"wp-block-heading\" id=\"kommt-im-fruhjahr-sommer-2022-wandsbek-radar-2045\">Wandsbek-Radar im Juni und Juli 2022<\/h4>\n\n\n\n<h2 class=\"wp-block-heading\" id=\"welches-wandsbek-2045-wollt-ihr\"><strong>Welches Wandsbek 2045 wollt ihr?<\/strong><\/h2>\n\n\n\n<p>Kinder und Jugendliche beziehen Stellung zu ihrem Bezirk und entwickeln mit dem&nbsp;<strong>Wandsbek-Radar<\/strong>&nbsp;<strong>2045<\/strong> eigene Ideen und Visionen f\u00fcr die Zukunft. Mitmachen!<\/p>\n\n\n\n<p><\/p>\n\n\n\n<div class=\"wp-block-buttons is-layout-flex wp-block-buttons-is-layout-flex\">\n<div class=\"wp-block-button is-style-circular\"><a class=\"wp-block-button__link has-nv-text-dark-bg-color has-neve-link-color-background-color has-text-color has-background\" href=\"https:\/\/moinwandsbek2045.de\/?page_id=690\">mehr erfahren<\/a><\/div>\n<\/div>\n<\/div>\n\n\n\n<div class=\"wp-block-column is-layout-flow wp-block-column-is-layout-flow\">\n<figure class=\"wp-block-image size-large\"><img loading=\"lazy\" decoding=\"async\" width=\"1024\" height=\"899\" src=\"https:\/\/moinwandsbek2045.de\/wp-content\/uploads\/2022\/02\/Radar-06-1024x899.png\" alt=\"Ein illustrierter Jugendlicher mit einer Sprechblase &quot; Wandsbek auf dem Radar&quot; neben einer Landkarte von Wandsbek und einem Radar.\" class=\"wp-image-695\" title=\"Ein illustrierter Jugendlicher mit einer Sprechblase &quot; Wandsbek auf dem Radar&quot; neben einer Landkarte von Wandsbek und einem Radar.\" srcset=\"https:\/\/moinwandsbek2045.de\/wp-content\/uploads\/2022\/02\/Radar-06-1024x899.png 1024w, https:\/\/moinwandsbek2045.de\/wp-content\/uploads\/2022\/02\/Radar-06-300x263.png 300w, https:\/\/moinwandsbek2045.de\/wp-content\/uploads\/2022\/02\/Radar-06-768x675.png 768w, https:\/\/moinwandsbek2045.de\/wp-content\/uploads\/2022\/02\/Radar-06.png 1331w\" sizes=\"auto, (max-width: 1024px) 100vw, 1024px\" \/><\/figure>\n<\/div>\n<\/div>\n\n\n\n<div style=\"height:100px\" aria-hidden=\"true\" class=\"wp-block-spacer\"><\/div>\n\n\n\n<div class=\"wp-block-cover alignfull\" style=\"min-height:600px;aspect-ratio:unset;\"><span aria-hidden=\"true\" class=\"wp-block-cover__background has-nv-light-bg-background-color has-background-dim-100 has-background-dim\"><\/span><div class=\"wp-block-cover__inner-container is-layout-flow wp-block-cover-is-layout-flow\">\n<div class=\"wp-block-group\"><div class=\"wp-block-group__inner-container is-layout-flow wp-block-group-is-layout-flow\">\n<div style=\"height:80px\" aria-hidden=\"true\" class=\"wp-block-spacer\"><\/div>\n\n\n\n<div class=\"wp-block-columns are-vertically-aligned-center is-layout-flex wp-container-core-columns-is-layout-9d6595d7 wp-block-columns-is-layout-flex\">\n<div class=\"wp-block-column is-vertically-aligned-center is-layout-flow wp-block-column-is-layout-flow\" style=\"flex-basis:50%\">\n<figure class=\"wp-block-image size-large\"><img loading=\"lazy\" decoding=\"async\" width=\"1024\" height=\"899\" src=\"https:\/\/moinwandsbek2045.de\/wp-content\/uploads\/2022\/02\/Vor-Ort-Touren-05-1024x899.png\" alt=\"Eine illustrierte Landkarte vom Bezirk Wandsbek, davor ein Lastenfahrrad und eine Frau mit einer Sprechblase &quot;Mein Wandsbek 2045 ist...&quot;\" class=\"wp-image-768\" title=\"Eine illustrierte Landkarte vom Bezirk Wandsbek, davor ein Lastenfahrrad und eine Frau mit einer Sprechblase &quot;Mein Wandsbek 2045 ist...&quot;\" srcset=\"https:\/\/moinwandsbek2045.de\/wp-content\/uploads\/2022\/02\/Vor-Ort-Touren-05-1024x899.png 1024w, https:\/\/moinwandsbek2045.de\/wp-content\/uploads\/2022\/02\/Vor-Ort-Touren-05-300x263.png 300w, https:\/\/moinwandsbek2045.de\/wp-content\/uploads\/2022\/02\/Vor-Ort-Touren-05-768x674.png 768w, https:\/\/moinwandsbek2045.de\/wp-content\/uploads\/2022\/02\/Vor-Ort-Touren-05.png 1332w\" sizes=\"auto, (max-width: 1024px) 100vw, 1024px\" \/><\/figure>\n<\/div>\n\n\n\n<div class=\"wp-block-column is-vertically-aligned-center is-layout-flow wp-block-column-is-layout-flow\" style=\"flex-basis:50%\">\n<h4 class=\"has-neve-text-color-color has-text-color wp-block-heading\" id=\"november-2021-vor-ort-dialoge\">November 2021 \/\/ Vor-Ort-Dialoge<\/h4>\n\n\n\n<h2 class=\"has-text-align-left has-neve-text-color-color has-text-color wp-block-heading\" id=\"was-zeichnet-wandsbek-2045-aus\"><strong>Was zeichnet Wandsbek 2045 aus<\/strong>?<\/h2>\n\n\n\n<p class=\"has-text-align-left has-neve-link-color-color has-text-color\" style=\"font-size:17px\">Das Beteiligungsfahrrad ging auf Tour durch den Bezirk. An verschiedenen&nbsp;Stationen wurde der Blick in die Zukunft 2045 gerichtet: die Teilnehmenden diskutierten&nbsp;vor Ort&nbsp;Trends und W\u00fcnsche f\u00fcr die k\u00fcnftige Entwicklung.&nbsp;<\/p>\n\n\n\n<p class=\"has-text-align-left has-neve-link-color-color has-text-color\" style=\"font-size:17px\"><strong>Wie kann ein besseres Wandsbek von Morgen aussehen?<\/strong><\/p>\n\n\n\n<div class=\"wp-block-buttons is-horizontal is-content-justification-left is-layout-flex wp-container-core-buttons-is-layout-7e5fce0a wp-block-buttons-is-layout-flex\">\n<div class=\"wp-block-button is-style-circular\"><a class=\"wp-block-button__link has-nv-site-bg-color has-neve-text-color-background-color has-text-color has-background\" href=\"https:\/\/moinwandsbek2045.de\/?page_id=660\">mehr erfahren<\/a><\/div>\n<\/div>\n<\/div>\n<\/div>\n\n\n\n<div style=\"height:50px\" aria-hidden=\"true\" class=\"wp-block-spacer\"><\/div>\n<\/div><\/div>\n<\/div><\/div>\n\n\n\n<div class=\"wp-block-cover alignfull\" style=\"min-height:600px;aspect-ratio:unset;\"><span aria-hidden=\"true\" class=\"wp-block-cover__background has-nv-site-bg-background-color has-background-dim-100 has-background-dim\"><\/span><div class=\"wp-block-cover__inner-container is-layout-flow wp-block-cover-is-layout-flow\">\n<div class=\"wp-block-group\"><div class=\"wp-block-group__inner-container is-layout-flow wp-block-group-is-layout-flow\">\n<div style=\"height:80px\" aria-hidden=\"true\" class=\"wp-block-spacer\"><\/div>\n\n\n\n<div class=\"wp-block-columns are-vertically-aligned-center is-layout-flex wp-container-core-columns-is-layout-9d6595d7 wp-block-columns-is-layout-flex\">\n<div class=\"wp-block-column is-vertically-aligned-center is-layout-flow wp-block-column-is-layout-flow\" style=\"flex-basis:50%\">\n<h4 class=\"has-neve-text-color-color has-text-color wp-block-heading\" id=\"mai-und-juni-2021-online-dialog\"><strong>Mai und Juni 2021<\/strong> \/\/ <strong>Online-Dialog<\/strong><\/h4>\n\n\n\n<h2 class=\"has-text-align-left has-neve-text-color-color has-text-color wp-block-heading\" id=\"was-bewegt-wandsbek\"><strong>Was bewegt Wandsbek?<\/strong><\/h2>\n\n\n\n<p class=\"has-neve-text-color-color has-text-color\" style=\"font-size:17px\">Den Auftakt zu Wandsbek 2045 machte der \u00f6ffentliche Online-Dialog. <br>Im ersten Schritt der \u00f6ffentlichen Beteiligung ging es um das heutige Wandsbek. <\/p>\n\n\n\n<p class=\"has-neve-text-color-color has-text-color\" style=\"font-size:17px\"><strong>Ergebnis: viele Hinweise und Anregungen zu den Qualit\u00e4ten, Herausforderungen und wichtigen Aufgaben.<\/strong><\/p>\n\n\n\n<div class=\"wp-block-buttons is-horizontal is-content-justification-left is-layout-flex wp-container-core-buttons-is-layout-7e5fce0a wp-block-buttons-is-layout-flex\">\n<div class=\"wp-block-button is-style-circular\"><a class=\"wp-block-button__link has-neve-text-color-background-color has-background\" href=\"https:\/\/moinwandsbek2045.de\/?page_id=530\">mehr erfahren<\/a><\/div>\n<\/div>\n\n\n\n<div style=\"height:40px\" aria-hidden=\"true\" class=\"wp-block-spacer\"><\/div>\n<\/div>\n\n\n\n<div class=\"wp-block-column is-vertically-aligned-center is-layout-flow wp-block-column-is-layout-flow\" style=\"flex-basis:50%\"><div class=\"wp-block-image\">\n<figure class=\"alignright size-large\"><img loading=\"lazy\" decoding=\"async\" width=\"1024\" height=\"1024\" src=\"https:\/\/moinwandsbek2045.de\/wp-content\/uploads\/2022\/02\/3Personen-02-1024x1024.png\" alt=\"Drei illustrierte K\u00f6pfe mit Sprechblasen &quot;Das wird wichtig!&quot;, &quot; Das ist wertvoll!&quot; und &quot;Das soll sich ver\u00e4ndern!&quot;\" class=\"wp-image-627\" title=\"Drei illustrierte K\u00f6pfe mit Sprechblasen &quot;Das wird wichtig!&quot;, &quot; Das ist wertvoll!&quot; und &quot;Das soll sich ver\u00e4ndern!&quot;\" srcset=\"https:\/\/moinwandsbek2045.de\/wp-content\/uploads\/2022\/02\/3Personen-02-1024x1024.png 1024w, https:\/\/moinwandsbek2045.de\/wp-content\/uploads\/2022\/02\/3Personen-02-300x300.png 300w, https:\/\/moinwandsbek2045.de\/wp-content\/uploads\/2022\/02\/3Personen-02-150x150.png 150w, https:\/\/moinwandsbek2045.de\/wp-content\/uploads\/2022\/02\/3Personen-02-768x768.png 768w, https:\/\/moinwandsbek2045.de\/wp-content\/uploads\/2022\/02\/3Personen-02.png 1169w\" sizes=\"auto, (max-width: 1024px) 100vw, 1024px\" \/><\/figure><\/div><\/div>\n<\/div>\n\n\n\n<div style=\"height:40px\" aria-hidden=\"true\" class=\"wp-block-spacer\"><\/div>\n<\/div><\/div>\n<\/div><\/div>\n\n\n\n<p><\/p>\n","protected":false},"excerpt":{"rendered":"<p>Wandsbek-Radar im Juni und Juli 2022 Welches Wandsbek 2045 wollt ihr? Kinder und Jugendliche beziehen Stellung zu ihrem Bezirk und entwickeln mit dem&nbsp;Wandsbek-Radar&nbsp;2045 eigene Ideen und Visionen f\u00fcr die Zukunft. Mitmachen!<\/p>\n","protected":false},"author":1,"featured_media":0,"parent":0,"menu_order":0,"comment_status":"closed","ping_status":"closed","template":"","meta":{"_coblocks_attr":"","_coblocks_dimensions":"","_coblocks_responsive_height":"","_coblocks_accordion_ie_support":"","neve_meta_sidebar":"default","neve_meta_container":"default","neve_meta_enable_content_width":"on","neve_meta_content_width":100,"neve_meta_title_alignment":"center","neve_meta_author_avatar":"","neve_post_elements_order":"","neve_meta_disable_header":"","neve_meta_disable_footer":"","neve_meta_disable_title":"on","neve_meta_reading_time":"","footnotes":""},"class_list":["post-5","page","type-page","status-publish","hentry"],"_links":{"self":[{"href":"https:\/\/moinwandsbek2045.de\/index.php?rest_route=\/wp\/v2\/pages\/5","targetHints":{"allow":["GET"]}}],"collection":[{"href":"https:\/\/moinwandsbek2045.de\/index.php?rest_route=\/wp\/v2\/pages"}],"about":[{"href":"https:\/\/moinwandsbek2045.de\/index.php?rest_route=\/wp\/v2\/types\/page"}],"author":[{"embeddable":true,"href":"https:\/\/moinwandsbek2045.de\/index.php?rest_route=\/wp\/v2\/users\/1"}],"replies":[{"embeddable":true,"href":"https:\/\/moinwandsbek2045.de\/index.php?rest_route=%2Fwp%2Fv2%2Fcomments&post=5"}],"version-history":[{"count":94,"href":"https:\/\/moinwandsbek2045.de\/index.php?rest_route=\/wp\/v2\/pages\/5\/revisions"}],"predecessor-version":[{"id":1006,"href":"https:\/\/moinwandsbek2045.de\/index.php?rest_route=\/wp\/v2\/pages\/5\/revisions\/1006"}],"wp:attachment":[{"href":"https:\/\/moinwandsbek2045.de\/index.php?rest_route=%2Fwp%2Fv2%2Fmedia&parent=5"}],"curies":[{"name":"wp","href":"https:\/\/api.w.org\/{rel}","templated":true}]}}